{"id":2769,"date":"2024-12-28T11:46:48","date_gmt":"2024-12-28T10:46:48","guid":{"rendered":"https:\/\/afmje.org\/?page_id=2769"},"modified":"2024-12-29T11:41:31","modified_gmt":"2024-12-29T10:41:31","slug":"mathieu-saunier","status":"publish","type":"page","link":"https:\/\/afmje.org\/index.php\/mathieu-saunier\/","title":{"rendered":"Mathieu SAUNIER"},"content":{"rendered":"\n<p>Titulaire d\u2019un master 2 en contentieux judiciaire, Mathieu SAUNIER est a int\u00e9gr\u00e9 la magistrature en 2002. <\/p>\n\n\n\n<p>Il a exerc\u00e9 successivement au si\u00e8ge (JAP) puis au parquet et au parquet g\u00e9n\u00e9ral, en Bretagne et sur l&rsquo;\u00eele de la R\u00e9union, et a notamment \u00e9t\u00e9 en charge de la d\u00e9linquance \u00e9conomique et financi\u00e8re et des atteintes \u00e0 l\u2019environnement. <\/p>\n\n\n\n<p>Il a rejoint l\u2019Ecole Nationale de la Magistrature (ENM) en 2020 en qualit\u00e9 de coordonnateur du p\u00f4le \u00e9conomique, social et environnemental de la formation continue. Il a d\u00e9velopp\u00e9 \u00e0 cette occasion l\u2019offre de formation \u00e0 destination des magistrats, notamment en cr\u00e9ant le Cycle approfondi sur la justice environnementale (CAJE) en 2022, afin d\u2019accompagner la cr\u00e9ation des PRE. <\/p>\n\n\n\n<p>Il a rejoint le Commandement pour l&rsquo;environnement et la sant\u00e9 de la gendarmerie nationale (CESAN) \u00e0 l&rsquo;\u00e9t\u00e9 2024 en qualit\u00e9 de conseiller Justice. <\/p>\n\n\n\n<p>Il est par ailleurs membre fondateur de l\u2019AFMJE.<\/p>\n\n\n\n<p><\/p>\n","protected":false},"excerpt":{"rendered":"<p>Titulaire d\u2019un master 2 en contentieux judiciaire, Mathieu SAUNIER est a int\u00e9gr\u00e9 la magistrature en 2002. Il a exerc\u00e9 successivement au si\u00e8ge (JAP) puis au parquet<span class=\"excerpt-hellip\"> [\u2026]<\/span><\/p>\n","protected":false},"author":6,"featured_media":0,"parent":0,"menu_order":0,"comment_status":"closed","ping_status":"closed","template":"","meta":{"pmpro_default_level":0,"iawp_total_views":39,"footnotes":""},"class_list":["post-2769","page","type-page","status-publish","hentry","pmpro-has-access"],"yoast_head":"<!-- This site is optimized with the Yoast SEO plugin v24.6 - https:\/\/yoast.com\/wordpress\/plugins\/seo\/ -->\n<title>Mathieu SAUNIER - AFMJE<\/title>\n<meta name=\"description\" content=\"Substitut du Procureur au TJ de VALENCE en charge notamment du contentieux de l\u2019environnement depuis avril 2023. Tr\u00e8s int\u00e9ress\u00e9e par le droit de l\u2019environnement,\" \/>\n<meta name=\"robots\" content=\"index, follow, max-snippet:-1, max-image-preview:large, max-video-preview:-1\" \/>\n<link rel=\"canonical\" href=\"https:\/\/afmje.org\/index.php\/mathieu-saunier\/\" \/>\n<meta property=\"og:locale\" content=\"fr_FR\" \/>\n<meta property=\"og:type\" content=\"article\" \/>\n<meta property=\"og:title\" content=\"Mathieu SAUNIER - AFMJE\" \/>\n<meta property=\"og:description\" content=\"Substitut du Procureur au TJ de VALENCE en charge notamment du contentieux de l\u2019environnement depuis avril 2023. Tr\u00e8s int\u00e9ress\u00e9e par le droit de l\u2019environnement,\" \/>\n<meta property=\"og:url\" content=\"https:\/\/afmje.org\/index.php\/mathieu-saunier\/\" \/>\n<meta property=\"og:site_name\" content=\"AFMJE\" \/>\n<meta property=\"article:modified_time\" content=\"2024-12-29T10:41:31+00:00\" \/>\n<meta name=\"twitter:card\" content=\"summary_large_image\" \/>\n<meta name=\"twitter:label1\" content=\"Dur\u00e9e de lecture estim\u00e9e\" \/>\n\t<meta name=\"twitter:data1\" content=\"1 minute\" \/>\n<script type=\"application\/ld+json\" class=\"yoast-schema-graph\">{\"@context\":\"https:\/\/schema.org\",\"@graph\":[{\"@type\":\"WebPage\",\"@id\":\"https:\/\/afmje.org\/index.php\/mathieu-saunier\/\",\"url\":\"https:\/\/afmje.org\/index.php\/mathieu-saunier\/\",\"name\":\"Mathieu SAUNIER - AFMJE\",\"isPartOf\":{\"@id\":\"https:\/\/afmje.org\/#website\"},\"datePublished\":\"2024-12-28T10:46:48+00:00\",\"dateModified\":\"2024-12-29T10:41:31+00:00\",\"description\":\"Substitut du Procureur au TJ de VALENCE en charge notamment du contentieux de l\u2019environnement depuis avril 2023. Tr\u00e8s int\u00e9ress\u00e9e par le droit de l\u2019environnement,\",\"breadcrumb\":{\"@id\":\"https:\/\/afmje.org\/index.php\/mathieu-saunier\/#breadcrumb\"},\"inLanguage\":\"fr-FR\",\"potentialAction\":[{\"@type\":\"ReadAction\",\"target\":[\"https:\/\/afmje.org\/index.php\/mathieu-saunier\/\"]}]},{\"@type\":\"BreadcrumbList\",\"@id\":\"https:\/\/afmje.org\/index.php\/mathieu-saunier\/#breadcrumb\",\"itemListElement\":[{\"@type\":\"ListItem\",\"position\":1,\"name\":\"Accueil\",\"item\":\"https:\/\/afmje.org\/\"},{\"@type\":\"ListItem\",\"position\":2,\"name\":\"Mathieu SAUNIER\"}]},{\"@type\":\"WebSite\",\"@id\":\"https:\/\/afmje.org\/#website\",\"url\":\"https:\/\/afmje.org\/\",\"name\":\"AFMJE\",\"description\":\"Association fran\u00e7aise des magistrats pour la justice environnementale\",\"publisher\":{\"@id\":\"https:\/\/afmje.org\/#organization\"},\"potentialAction\":[{\"@type\":\"SearchAction\",\"target\":{\"@type\":\"EntryPoint\",\"urlTemplate\":\"https:\/\/afmje.org\/?s={search_term_string}\"},\"query-input\":{\"@type\":\"PropertyValueSpecification\",\"valueRequired\":true,\"valueName\":\"search_term_string\"}}],\"inLanguage\":\"fr-FR\"},{\"@type\":\"Organization\",\"@id\":\"https:\/\/afmje.org\/#organization\",\"name\":\"AFMJE\",\"url\":\"https:\/\/afmje.org\/\",\"logo\":{\"@type\":\"ImageObject\",\"inLanguage\":\"fr-FR\",\"@id\":\"https:\/\/afmje.org\/#\/schema\/logo\/image\/\",\"url\":\"https:\/\/afmje.org\/wp-content\/uploads\/2023\/11\/logo-02.png\",\"contentUrl\":\"https:\/\/afmje.org\/wp-content\/uploads\/2023\/11\/logo-02.png\",\"width\":1182,\"height\":1182,\"caption\":\"AFMJE\"},\"image\":{\"@id\":\"https:\/\/afmje.org\/#\/schema\/logo\/image\/\"},\"sameAs\":[\"https:\/\/www.linkedin.com\/in\/magistrats-environnement-association-a-f-m-j-e-637a29267\/\"]}]}<\/script>\n<!-- \/ Yoast SEO plugin. -->","yoast_head_json":{"title":"Mathieu SAUNIER - AFMJE","description":"Substitut du Procureur au TJ de VALENCE en charge notamment du contentieux de l\u2019environnement depuis avril 2023. Tr\u00e8s int\u00e9ress\u00e9e par le droit de l\u2019environnement,","robots":{"index":"index","follow":"follow","max-snippet":"max-snippet:-1","max-image-preview":"max-image-preview:large","max-video-preview":"max-video-preview:-1"},"canonical":"https:\/\/afmje.org\/index.php\/mathieu-saunier\/","og_locale":"fr_FR","og_type":"article","og_title":"Mathieu SAUNIER - AFMJE","og_description":"Substitut du Procureur au TJ de VALENCE en charge notamment du contentieux de l\u2019environnement depuis avril 2023. Tr\u00e8s int\u00e9ress\u00e9e par le droit de l\u2019environnement,","og_url":"https:\/\/afmje.org\/index.php\/mathieu-saunier\/","og_site_name":"AFMJE","article_modified_time":"2024-12-29T10:41:31+00:00","twitter_card":"summary_large_image","twitter_misc":{"Dur\u00e9e de lecture estim\u00e9e":"1 minute"},"schema":{"@context":"https:\/\/schema.org","@graph":[{"@type":"WebPage","@id":"https:\/\/afmje.org\/index.php\/mathieu-saunier\/","url":"https:\/\/afmje.org\/index.php\/mathieu-saunier\/","name":"Mathieu SAUNIER - AFMJE","isPartOf":{"@id":"https:\/\/afmje.org\/#website"},"datePublished":"2024-12-28T10:46:48+00:00","dateModified":"2024-12-29T10:41:31+00:00","description":"Substitut du Procureur au TJ de VALENCE en charge notamment du contentieux de l\u2019environnement depuis avril 2023. Tr\u00e8s int\u00e9ress\u00e9e par le droit de l\u2019environnement,","breadcrumb":{"@id":"https:\/\/afmje.org\/index.php\/mathieu-saunier\/#breadcrumb"},"inLanguage":"fr-FR","potentialAction":[{"@type":"ReadAction","target":["https:\/\/afmje.org\/index.php\/mathieu-saunier\/"]}]},{"@type":"BreadcrumbList","@id":"https:\/\/afmje.org\/index.php\/mathieu-saunier\/#breadcrumb","itemListElement":[{"@type":"ListItem","position":1,"name":"Accueil","item":"https:\/\/afmje.org\/"},{"@type":"ListItem","position":2,"name":"Mathieu SAUNIER"}]},{"@type":"WebSite","@id":"https:\/\/afmje.org\/#website","url":"https:\/\/afmje.org\/","name":"AFMJE","description":"Association fran\u00e7aise des magistrats pour la justice environnementale","publisher":{"@id":"https:\/\/afmje.org\/#organization"},"potentialAction":[{"@type":"SearchAction","target":{"@type":"EntryPoint","urlTemplate":"https:\/\/afmje.org\/?s={search_term_string}"},"query-input":{"@type":"PropertyValueSpecification","valueRequired":true,"valueName":"search_term_string"}}],"inLanguage":"fr-FR"},{"@type":"Organization","@id":"https:\/\/afmje.org\/#organization","name":"AFMJE","url":"https:\/\/afmje.org\/","logo":{"@type":"ImageObject","inLanguage":"fr-FR","@id":"https:\/\/afmje.org\/#\/schema\/logo\/image\/","url":"https:\/\/afmje.org\/wp-content\/uploads\/2023\/11\/logo-02.png","contentUrl":"https:\/\/afmje.org\/wp-content\/uploads\/2023\/11\/logo-02.png","width":1182,"height":1182,"caption":"AFMJE"},"image":{"@id":"https:\/\/afmje.org\/#\/schema\/logo\/image\/"},"sameAs":["https:\/\/www.linkedin.com\/in\/magistrats-environnement-association-a-f-m-j-e-637a29267\/"]}]}},"_links":{"self":[{"href":"https:\/\/afmje.org\/index.php\/wp-json\/wp\/v2\/pages\/2769","targetHints":{"allow":["GET"]}}],"collection":[{"href":"https:\/\/afmje.org\/index.php\/wp-json\/wp\/v2\/pages"}],"about":[{"href":"https:\/\/afmje.org\/index.php\/wp-json\/wp\/v2\/types\/page"}],"author":[{"embeddable":true,"href":"https:\/\/afmje.org\/index.php\/wp-json\/wp\/v2\/users\/6"}],"replies":[{"embeddable":true,"href":"https:\/\/afmje.org\/index.php\/wp-json\/wp\/v2\/comments?post=2769"}],"version-history":[{"count":2,"href":"https:\/\/afmje.org\/index.php\/wp-json\/wp\/v2\/pages\/2769\/revisions"}],"predecessor-version":[{"id":2795,"href":"https:\/\/afmje.org\/index.php\/wp-json\/wp\/v2\/pages\/2769\/revisions\/2795"}],"wp:attachment":[{"href":"https:\/\/afmje.org\/index.php\/wp-json\/wp\/v2\/media?parent=2769"}],"curies":[{"name":"wp","href":"https:\/\/api.w.org\/{rel}","templated":true}]}}